{"id":4,"date":"2011-01-02T12:17:11","date_gmt":"2011-01-02T11:17:11","guid":{"rendered":"http:\/\/cornelia.siteware.ch\/cms\/?page_id=4"},"modified":"2012-05-09T10:04:34","modified_gmt":"2012-05-09T09:04:34","slug":"grammatik","status":"publish","type":"page","link":"https:\/\/cornelia.siteware.ch\/cms\/daf-daz-2\/grammatik","title":{"rendered":"Grammatik f\u00fcr DaF und DaZ"},"content":{"rendered":"<div class=\"announcement\">Das Konzept dieser Grammatikseiten ist weiter unten erkl\u00e4rt.<br \/>\n<small>The idea behind these grammar pages is explained further down this page.<\/small><\/div>\n<h3>Grammatikthemen<a href=\"http:\/\/cornelia.siteware.ch\/cms\/wp-content\/uploads\/2011\/01\/grammatiktitel2.jpg\"><img decoding=\"async\" loading=\"lazy\" class=\"alignright size-medium wp-image-1237\" title=\"grammatiktitel2\" src=\"http:\/\/cornelia.siteware.ch\/cms\/wp-content\/uploads\/2011\/01\/grammatiktitel2-259x300.jpg\" alt=\"\" width=\"259\" height=\"300\" srcset=\"https:\/\/cornelia.siteware.ch\/cms\/wp-content\/uploads\/2011\/01\/grammatiktitel2-259x300.jpg 259w, https:\/\/cornelia.siteware.ch\/cms\/wp-content\/uploads\/2011\/01\/grammatiktitel2-887x1024.jpg 887w, https:\/\/cornelia.siteware.ch\/cms\/wp-content\/uploads\/2011\/01\/grammatiktitel2.jpg 1036w\" sizes=\"(max-width: 259px) 100vw, 259px\" \/><\/a><\/h3>\n<div id=\"shailan-subpages-4-1\"><ul class=\"subpages\"><li class=\"page_item page-item-1087\"><a href=\"https:\/\/cornelia.siteware.ch\/cms\/daf-daz-2\/grammatik\/nomen-artikel-und-pronomen\"  rel=\"\">Nomen, Artikel und Pronomen<\/a>\n<ul class='children'>\n\t<li class=\"page_item page-item-1084\"><a href=\"https:\/\/cornelia.siteware.ch\/cms\/daf-daz-2\/grammatik\/nomen-artikel-und-pronomen\/grammatikbegriffe-die-falle\"  rel=\"\">Grammatikbegriffe: Nomen, Pronomen und Artikel<\/a><\/li>\n\t<li class=\"page_item page-item-1104\"><a href=\"https:\/\/cornelia.siteware.ch\/cms\/daf-daz-2\/grammatik\/nomen-artikel-und-pronomen\/artikel-der-die-das-ein-eine-articles\"  rel=\"\">Artikel (der, die, das, ein, eine ...) - Articles<\/a>\n\t<ul class='children'>\n\t\t<li class=\"page_item page-item-1109\"><a href=\"https:\/\/cornelia.siteware.ch\/cms\/daf-daz-2\/grammatik\/nomen-artikel-und-pronomen\/artikel-der-die-das-ein-eine-articles\/der-bestimmte-artikel\"  rel=\"\">der bestimmte Artikel<\/a><\/li>\n\t\t<li class=\"page_item page-item-1111\"><a href=\"https:\/\/cornelia.siteware.ch\/cms\/daf-daz-2\/grammatik\/nomen-artikel-und-pronomen\/artikel-der-die-das-ein-eine-articles\/der-unbestimmte-artikel-undefined-article\"  rel=\"\">der unbestimmte Artikel - undefined article<\/a><\/li>\n\t\t<li class=\"page_item page-item-1459\"><a href=\"https:\/\/cornelia.siteware.ch\/cms\/daf-daz-2\/grammatik\/nomen-artikel-und-pronomen\/artikel-der-die-das-ein-eine-articles\/kein-artikel-nullartikel-no-article\"  rel=\"\">Kein Artikel (Nullartikel) - no article<\/a><\/li>\n\t\t<li class=\"page_item page-item-1350\"><a href=\"https:\/\/cornelia.siteware.ch\/cms\/daf-daz-2\/grammatik\/nomen-artikel-und-pronomen\/artikel-der-die-das-ein-eine-articles\/artikel-bei-landernamen-articles-and-names-of-countries\"  rel=\"\">Artikel bei L\u00e4ndernamen - Articles and Names of Countries<\/a><\/li>\n\t<\/ul>\n<\/li>\n\t<li class=\"page_item page-item-1468\"><a href=\"https:\/\/cornelia.siteware.ch\/cms\/daf-daz-2\/grammatik\/nomen-artikel-und-pronomen\/genus-grammatical-gender\"  rel=\"\">Genus - Grammatical Gender<\/a><\/li>\n\t<li class=\"page_item page-item-1080\"><a href=\"https:\/\/cornelia.siteware.ch\/cms\/daf-daz-2\/grammatik\/nomen-artikel-und-pronomen\/faelle-kasus-the-case\"  rel=\"\">Die F\u00e4lle (Kasus) - The cases<\/a>\n\t<ul class='children'>\n\t\t<li class=\"page_item page-item-1121\"><a href=\"https:\/\/cornelia.siteware.ch\/cms\/daf-daz-2\/grammatik\/nomen-artikel-und-pronomen\/faelle-kasus-the-case\/formenubersicht-nomen-und-artikel\"  rel=\"\">Formen\u00fcbersicht Nomen und Artikel<\/a><\/li>\n\t\t<li class=\"page_item page-item-1128\"><a href=\"https:\/\/cornelia.siteware.ch\/cms\/daf-daz-2\/grammatik\/nomen-artikel-und-pronomen\/faelle-kasus-the-case\/formenubersicht-pronomen\"  rel=\"\">Formen\u00fcbersicht Pronomen<\/a><\/li>\n\t\t<li class=\"page_item page-item-1178\"><a href=\"https:\/\/cornelia.siteware.ch\/cms\/daf-daz-2\/grammatik\/nomen-artikel-und-pronomen\/faelle-kasus-the-case\/nominalgruppen-noun-groups\"  rel=\"\">Nominalgruppen - Noun groups<\/a><\/li>\n\t\t<li class=\"page_item page-item-1195\"><a href=\"https:\/\/cornelia.siteware.ch\/cms\/daf-daz-2\/grammatik\/nomen-artikel-und-pronomen\/faelle-kasus-the-case\/was-sind-die-falle-what-are-cases\"  rel=\"\">Was sind die F\u00e4lle - What are cases?<\/a><\/li>\n\t<\/ul>\n<\/li>\n<\/ul>\n<\/li>\n<li class=\"page_item page-item-809\"><a href=\"https:\/\/cornelia.siteware.ch\/cms\/daf-daz-2\/grammatik\/verben\"  rel=\"\">Verben<\/a>\n<ul class='children'>\n\t<li class=\"page_item page-item-886\"><a href=\"https:\/\/cornelia.siteware.ch\/cms\/daf-daz-2\/grammatik\/verben\/die-stammformen\"  rel=\"\">Die Stammformen<\/a><\/li>\n\t<li class=\"page_item page-item-813\"><a href=\"https:\/\/cornelia.siteware.ch\/cms\/daf-daz-2\/grammatik\/verben\/grammatikbegriffe-verben\"  rel=\"\">Grammatikbegriffe: Verben<\/a><\/li>\n\t<li class=\"page_item page-item-951\"><a href=\"https:\/\/cornelia.siteware.ch\/cms\/daf-daz-2\/grammatik\/verben\/tempora-tenses\"  rel=\"\">Tempora - Tenses<\/a>\n\t<ul class='children'>\n\t\t<li class=\"page_item page-item-817\"><a href=\"https:\/\/cornelia.siteware.ch\/cms\/daf-daz-2\/grammatik\/verben\/tempora-tenses\/817-2\"  rel=\"\">Pr\u00e4sens<\/a><\/li>\n\t\t<li class=\"page_item page-item-942\"><a href=\"https:\/\/cornelia.siteware.ch\/cms\/daf-daz-2\/grammatik\/verben\/tempora-tenses\/futur-i\"  rel=\"\">Futur I<\/a><\/li>\n\t\t<li class=\"page_item page-item-915\"><a href=\"https:\/\/cornelia.siteware.ch\/cms\/daf-daz-2\/grammatik\/verben\/tempora-tenses\/prateritum-imperfekt\"  rel=\"\">Pr\u00e4teritum (Imperfekt)<\/a><\/li>\n\t\t<li class=\"page_item page-item-856\"><a href=\"https:\/\/cornelia.siteware.ch\/cms\/daf-daz-2\/grammatik\/verben\/tempora-tenses\/perfekt\"  rel=\"\">Perfekt<\/a><\/li>\n\t\t<li class=\"page_item page-item-964\"><a href=\"https:\/\/cornelia.siteware.ch\/cms\/daf-daz-2\/grammatik\/verben\/tempora-tenses\/plusquamperfekt\"  rel=\"\">Plusquamperfekt<\/a><\/li>\n\t\t<li class=\"page_item page-item-972\"><a href=\"https:\/\/cornelia.siteware.ch\/cms\/daf-daz-2\/grammatik\/verben\/tempora-tenses\/reale-und-grammatische-zeit-time-and-tense\"  rel=\"\">Reale und grammatische Zeit - Time and Tense<\/a><\/li>\n\t<\/ul>\n<\/li>\n\t<li class=\"page_item page-item-1364\"><a href=\"https:\/\/cornelia.siteware.ch\/cms\/daf-daz-2\/grammatik\/verben\/verben-und-ihre-erganzungen\"  rel=\"\">Verben und ihre Erg\u00e4nzungen<\/a>\n\t<ul class='children'>\n\t\t<li class=\"page_item page-item-1372\"><a href=\"https:\/\/cornelia.siteware.ch\/cms\/daf-daz-2\/grammatik\/verben\/verben-und-ihre-erganzungen\/verben-mit-akkusativobjekt\"  rel=\"\">Verben mit Akkusativobjekt<\/a><\/li>\n\t\t<li class=\"page_item page-item-1780\"><a href=\"https:\/\/cornelia.siteware.ch\/cms\/daf-daz-2\/grammatik\/verben\/verben-und-ihre-erganzungen\/verben-mit-dativobjekt\"  rel=\"\">Verben mit Dativobjekt<\/a><\/li>\n\t<\/ul>\n<\/li>\n\t<li class=\"page_item page-item-993\"><a href=\"https:\/\/cornelia.siteware.ch\/cms\/daf-daz-2\/grammatik\/verben\/verschiedene-verbtypen\"  rel=\"\">Verschiedene Verbtypen<\/a>\n\t<ul class='children'>\n\t\t<li class=\"page_item page-item-1140\"><a href=\"https:\/\/cornelia.siteware.ch\/cms\/daf-daz-2\/grammatik\/verben\/verschiedene-verbtypen\/modalverben\"  rel=\"\">Modalverben<\/a><\/li>\n\t\t<li class=\"page_item page-item-995\"><a href=\"https:\/\/cornelia.siteware.ch\/cms\/daf-daz-2\/grammatik\/verben\/verschiedene-verbtypen\/verben-mit-praefix-verbs-with-prefix\"  rel=\"\">Verben mit Pr\u00e4fix - Verbs with Prefix<\/a><\/li>\n\t<\/ul>\n<\/li>\n\t<li class=\"page_item page-item-1311\"><a href=\"https:\/\/cornelia.siteware.ch\/cms\/daf-daz-2\/grammatik\/verben\/imparativ\"  rel=\"\">Imperativ - Imperative<\/a><\/li>\n<\/ul>\n<\/li>\n<li class=\"page_item page-item-1101\"><a href=\"https:\/\/cornelia.siteware.ch\/cms\/daf-daz-2\/grammatik\/adjektive\"  rel=\"\">Adjektive<\/a>\n<ul class='children'>\n\t<li class=\"page_item page-item-1114\"><a href=\"https:\/\/cornelia.siteware.ch\/cms\/daf-daz-2\/grammatik\/adjektive\/steigerung-komparation\"  rel=\"\">Steigerung (Komparation)<\/a>\n\t<ul class='children'>\n\t\t<li class=\"page_item page-item-1116\"><a href=\"https:\/\/cornelia.siteware.ch\/cms\/daf-daz-2\/grammatik\/adjektive\/steigerung-komparation\/formen-von-komparativ-und-superlativ\"  rel=\"\">Formen von Komparativ und Superlativ<\/a><\/li>\n\t<\/ul>\n<\/li>\n<\/ul>\n<\/li>\n<li class=\"page_item page-item-1019\"><a href=\"https:\/\/cornelia.siteware.ch\/cms\/daf-daz-2\/grammatik\/prapositionen\"  rel=\"\">Pr\u00e4positionen<\/a>\n<ul class='children'>\n\t<li class=\"page_item page-item-1263\"><a href=\"https:\/\/cornelia.siteware.ch\/cms\/daf-daz-2\/grammatik\/prapositionen\/bedeutung-und-funktion-der-prapositionen\"  rel=\"\">Bedeutung und Funktion der Pr\u00e4positionen - Meaning and Function of Prepositions<\/a><\/li>\n\t<li class=\"page_item page-item-1030\"><a href=\"https:\/\/cornelia.siteware.ch\/cms\/daf-daz-2\/grammatik\/prapositionen\/prapositionen-mit-dem-akkusativ\"  rel=\"\">Pr\u00e4positionen mit dem Akkusativ - Prepositions combined with accusative case<\/a><\/li>\n\t<li class=\"page_item page-item-1221\"><a href=\"https:\/\/cornelia.siteware.ch\/cms\/daf-daz-2\/grammatik\/prapositionen\/prapositionen-mit-dem-dativ\"  rel=\"\">Pr\u00e4positionen mit dem Dativ<\/a><\/li>\n\t<li class=\"page_item page-item-1021\"><a href=\"https:\/\/cornelia.siteware.ch\/cms\/daf-daz-2\/grammatik\/prapositionen\/wechselprapositionen-two-way-prepositions\"  rel=\"\">Wechselpr\u00e4positionen - Two-Way-Prepositions<\/a>\n\t<ul class='children'>\n\t\t<li class=\"page_item page-item-1250\"><a href=\"https:\/\/cornelia.siteware.ch\/cms\/daf-daz-2\/grammatik\/prapositionen\/wechselprapositionen-two-way-prepositions\/ort-und-ortswechsel-place-and-change-of-place\"  rel=\"\">Ort und Ortswechsel - Place and change of Place<\/a><\/li>\n\t\t<li class=\"page_item page-item-1252\"><a href=\"https:\/\/cornelia.siteware.ch\/cms\/daf-daz-2\/grammatik\/prapositionen\/wechselprapositionen-two-way-prepositions\/typische-verben-zum-angeben-von-ort-und-ortswechsel\"  rel=\"\">Typische Verben zum Angeben von Ort und Ortswechsel<\/a><\/li>\n\t\t<li class=\"page_item page-item-1254\"><a href=\"https:\/\/cornelia.siteware.ch\/cms\/daf-daz-2\/grammatik\/prapositionen\/wechselprapositionen-two-way-prepositions\/kurzformen-von-wechselprapositionen-und-artikel\"  rel=\"\">Kurzformen von Wechselpr\u00e4positionen und Artikel<\/a><\/li>\n\t<\/ul>\n<\/li>\n\t<li class=\"page_item page-item-1281\"><a href=\"https:\/\/cornelia.siteware.ch\/cms\/daf-daz-2\/grammatik\/prapositionen\/prapositionen-lernen\"  rel=\"\">Pr\u00e4positionen lernen<\/a><\/li>\n<\/ul>\n<\/li>\n<li class=\"page_item page-item-1040\"><a href=\"https:\/\/cornelia.siteware.ch\/cms\/daf-daz-2\/grammatik\/syntax\"  rel=\"\">Syntax<\/a>\n<ul class='children'>\n\t<li class=\"page_item page-item-1045\"><a href=\"https:\/\/cornelia.siteware.ch\/cms\/daf-daz-2\/grammatik\/syntax\/hauptsatz-maic-clause\"  rel=\"\">Die Position des Verbs im Hauptsatz - The position of the verb in a main clause<\/a><\/li>\n\t<li class=\"page_item page-item-1523\"><a href=\"https:\/\/cornelia.siteware.ch\/cms\/daf-daz-2\/grammatik\/syntax\/gemischte-ubungen-zur-syntax\"  rel=\"\">Gemischte \u00dcbungen zur Syntax<\/a><\/li>\n<\/ul>\n<\/li>\n<li class=\"page_item page-item-529\"><a href=\"https:\/\/cornelia.siteware.ch\/cms\/daf-daz-2\/grammatik\/grammatiken-und-grammatikubersichten\"  rel=\"\">Grammatiken und Grammatik\u00fcbersichten<\/a><\/li>\n<\/ul><\/div>\n<p class=\"warning\" style=\"text-align: center;\">Noch im Aufbau! \/ Still under construction<\/p>\n<p>Die alte Seite ist hier:<a href=\"http:\/\/cornelia.siteware.ch\/grammatik\/index.html\"> http:\/\/cornelia.siteware.ch\/grammatik\/index.html<\/a><\/p>\n<h3>Konzept der Grammatikseiten<\/h3>\n<p>Diese Grammatikseiten richten sich prim\u00e4r an <strong>Lernende im A-Bereich<\/strong> (A1 + A2 des gemeinsamen europ\u00e4ischen Referenzrahmens f\u00fcr Sprachen). Deshalb findet man viele Erkl\u00e4rungen auch in englischer \u00dcbersetzung. Im Moment sind aber noch nicht alle Themen da. Das wird noch eine Weile dauern, da ich die Seiten nur in meiner Freizeit betreue.<br \/>\n<em><small>These grammar pages are mainly meant for A-level learners (A1 + A2 of the Common European Framework for languages). For that reason many explanations are translated into English. At the moment, some topics are incomplete or completely missing. It will take a while to ad more as I am mantaining these sites during my leisure time only.<br \/>\n<\/small><\/em><\/p>\n<p><em><\/em>Ich habe die \u00dcbersetzungen selber angefertigt. Es ist m\u00f6glich, das nicht immer perfekt \u00fcbersezt ist. Meine Zeit ist begrenzt und zudem ist Grammatik-Englisch ziemlich speziell. Sie sind nur als Hilfe gedacht, wenn ihr den deutschen Text absolut nicht verstehen k\u00f6nnt. Falls ihr es besser k\u00f6nnt, teilt euer Wissen bitte mit mir!<br \/>\n<em><small>I did the translations myself. Most likely they are not always hunderd percent correct. My time is limited and grammar English has some specialities of its own. However, the translations are only meant as a means of support if you really cannot figure out the meaning of the German text. Still,\u00a0 if you know better than me, please share your knowledge!<\/small><em><br \/>\n<\/em><\/em><\/p>\n<p><em><em>Die Erkl\u00e4rungen richten sich an Lernende, die einen \u00dcberblick \u00fcber verschiedene Grammatikthemen suchen oder gezielt etwas nachschlagen wollen, aber sie sollen keine Grammatikprogression vorgeben. Zu einigen Themen gibt es \u00dcbungen. Die meisten verweisen auf externe Seiten, weil ich euch auch auf andere gute Angebote im Internet aufmerksam machen m\u00f6chte. Versucht aber auch, selber \u00dcbungsmaterial zu finden und euch selber Aufgaben zu stellen. Auf diese Weise setzt ihr euch intensiv mit Deutsch auseinander und das ist ein wichtiger Faktor beim Lernen.<br \/>\n<em><small>The explanations are meant to give an overview over different grammar topics or to serve as a point of reference, but they do not intend to propose a certain progression of grammatical topics. Some topics are accompagnied by exercices and references to other study materials- mostly in the form of weblinks, as it is one of my goals to bring other usefull websites etc. to your attention. I would also like to encourage you to try to find materials to practice on on your own and to think about ways you could practice using these material. To do this, you have to think about German in a very intensive way and that is one important aspect of\u00a0 successful learning.<br \/>\n<\/small><\/em><\/em><\/em><\/p>\n","protected":false},"excerpt":{"rendered":"<p>Das Konzept dieser Grammatikseiten ist weiter unten erkl\u00e4rt. The idea behind these grammar pages is explained further down this page. Grammatikthemen Noch im Aufbau! \/ Still under construction Die alte Seite ist hier: http:\/\/cornelia.siteware.ch\/grammatik\/index.html Konzept der Grammatikseiten Diese Grammatikseiten richten sich prim\u00e4r an Lernende im A-Bereich (A1 + A2 des gemeinsamen europ\u00e4ischen Referenzrahmens f\u00fcr Sprachen). <a href='https:\/\/cornelia.siteware.ch\/cms\/daf-daz-2\/grammatik' class='excerpt-more'>[&#8230;]<\/a><\/p>\n","protected":false},"author":4,"featured_media":0,"parent":49,"menu_order":2,"comment_status":"closed","ping_status":"closed","template":"","meta":{"footnotes":"","_links_to":"","_links_to_target":""},"_links":{"self":[{"href":"https:\/\/cornelia.siteware.ch\/cms\/wp-json\/wp\/v2\/pages\/4"}],"collection":[{"href":"https:\/\/cornelia.siteware.ch\/cms\/wp-json\/wp\/v2\/pages"}],"about":[{"href":"https:\/\/cornelia.siteware.ch\/cms\/wp-json\/wp\/v2\/types\/page"}],"author":[{"embeddable":true,"href":"https:\/\/cornelia.siteware.ch\/cms\/wp-json\/wp\/v2\/users\/4"}],"replies":[{"embeddable":true,"href":"https:\/\/cornelia.siteware.ch\/cms\/wp-json\/wp\/v2\/comments?post=4"}],"version-history":[{"count":32,"href":"https:\/\/cornelia.siteware.ch\/cms\/wp-json\/wp\/v2\/pages\/4\/revisions"}],"predecessor-version":[{"id":959,"href":"https:\/\/cornelia.siteware.ch\/cms\/wp-json\/wp\/v2\/pages\/4\/revisions\/959"}],"up":[{"embeddable":true,"href":"https:\/\/cornelia.siteware.ch\/cms\/wp-json\/wp\/v2\/pages\/49"}],"wp:attachment":[{"href":"https:\/\/cornelia.siteware.ch\/cms\/wp-json\/wp\/v2\/media?parent=4"}],"curies":[{"name":"wp","href":"https:\/\/api.w.org\/{rel}","templated":true}]}}