{"id":153,"date":"2011-01-02T20:49:15","date_gmt":"2011-01-02T19:49:15","guid":{"rendered":"http:\/\/cornelia.siteware.ch\/cms\/?page_id=153"},"modified":"2014-04-12T08:12:37","modified_gmt":"2014-04-12T07:12:37","slug":"aussprache-didaktik","status":"publish","type":"page","link":"https:\/\/cornelia.siteware.ch\/cms\/didaktik\/aussprache-didaktik","title":{"rendered":"Aussprachedidaktik \/ Phonetik f\u00fcr DaF &#038; DaZ"},"content":{"rendered":"<h4>Rubriken<\/h4>\n<div id=\"shailan-subpages-153-1\"><ul class=\"subpages\"><li class=\"page_item page-item-1565\"><a href=\"https:\/\/cornelia.siteware.ch\/cms\/didaktik\/aussprache-didaktik\/aussprache-im-daf-unterricht-teilaspekte\"  rel=\"\">Aussprache im DaF-Unterricht: Teilaspekte<\/a><\/li>\n<li class=\"page_item page-item-98\"><a href=\"https:\/\/cornelia.siteware.ch\/cms\/didaktik\/aussprache-didaktik\/hilfsmittel-phonetik\"  rel=\"\">Hilfsmittel f\u00fcr Aussprache und Phonetik<\/a><\/li>\n<li class=\"page_item page-item-642\"><a href=\"https:\/\/cornelia.siteware.ch\/cms\/didaktik\/aussprache-didaktik\/phonetikliteratur\"  rel=\"\">Literatur Phonetik \/ Aussprache f\u00fcr DaF & DaZ<\/a>\n<ul class='children'>\n\t<li class=\"page_item page-item-1579\"><a href=\"https:\/\/cornelia.siteware.ch\/cms\/didaktik\/aussprache-didaktik\/phonetikliteratur\/ubersichten-bibliographien\"  rel=\"\">\u00dcbersichten \/ Bibliographien<\/a><\/li>\n\t<li class=\"page_item page-item-1566\"><a href=\"https:\/\/cornelia.siteware.ch\/cms\/didaktik\/aussprache-didaktik\/phonetikliteratur\/ubungsbucher-und-lehrmittel-zur-phonetik-dafdaz\"  rel=\"\">\u00dcbungsb\u00fccher und Lehrmittel zur Phonetik DaF\/DaZ<\/a><\/li>\n\t<li class=\"page_item page-item-1570\"><a href=\"https:\/\/cornelia.siteware.ch\/cms\/didaktik\/aussprache-didaktik\/phonetikliteratur\/didaktische-literatur\"  rel=\"\">Didaktische Literatur<\/a><\/li>\n\t<li class=\"page_item page-item-1575\"><a href=\"https:\/\/cornelia.siteware.ch\/cms\/didaktik\/aussprache-didaktik\/phonetikliteratur\/ausspracheworterbucher\"  rel=\"\">Aussprachew\u00f6rterb\u00fccher<\/a><\/li>\n\t<li class=\"page_item page-item-1573\"><a href=\"https:\/\/cornelia.siteware.ch\/cms\/didaktik\/aussprache-didaktik\/phonetikliteratur\/theorie-zu-unterschiedlichen-themen\"  rel=\"\">Phonetik: Theorie und Hintergrundwissen zu unterschiedlichen Themen<\/a><\/li>\n<\/ul>\n<\/li>\n<li class=\"page_item page-item-638\"><a href=\"https:\/\/cornelia.siteware.ch\/cms\/didaktik\/aussprache-didaktik\/aussprache-unterricht-material\"  rel=\"\">Unterrichtsvorschl\u00e4ge und Materialien<\/a><\/li>\n<\/ul><\/div>\n<p class=\"announcement\">Beitr\u00e4ge zur Aussprachedidaktik aus meinem Blog sind bis Mitte April 2014 verlinkt. Unter dem folgenden Link sind <a href=\"\/blog\/wordpress\/category\/lernbereiche\/aussprache\">alle Blog-Beitr\u00e4ge zum Thema Aussprache<\/a> zu finden. Links zu <a title=\"Aussprache (Phonetik) f\u00fcr DaF- und DaZ-Lernende\" href=\"http:\/\/cornelia.siteware.ch\/cms\/daf-daz-2\/aussprache\">Erkl\u00e4rungen und \u00dcbungen f\u00fcr Lernende<\/a> sind hier zu finden.<\/p>\n","protected":false},"excerpt":{"rendered":"<p>Rubriken Beitr\u00e4ge zur Aussprachedidaktik aus meinem Blog sind bis Mitte April 2014 verlinkt. Unter dem folgenden Link sind alle Blog-Beitr\u00e4ge zum Thema Aussprache zu finden. Links zu Erkl\u00e4rungen und \u00dcbungen f\u00fcr Lernende sind hier zu finden.<\/p>\n","protected":false},"author":4,"featured_media":0,"parent":472,"menu_order":0,"comment_status":"closed","ping_status":"closed","template":"","meta":{"footnotes":"","_links_to":"","_links_to_target":""},"_links":{"self":[{"href":"https:\/\/cornelia.siteware.ch\/cms\/wp-json\/wp\/v2\/pages\/153"}],"collection":[{"href":"https:\/\/cornelia.siteware.ch\/cms\/wp-json\/wp\/v2\/pages"}],"about":[{"href":"https:\/\/cornelia.siteware.ch\/cms\/wp-json\/wp\/v2\/types\/page"}],"author":[{"embeddable":true,"href":"https:\/\/cornelia.siteware.ch\/cms\/wp-json\/wp\/v2\/users\/4"}],"replies":[{"embeddable":true,"href":"https:\/\/cornelia.siteware.ch\/cms\/wp-json\/wp\/v2\/comments?post=153"}],"version-history":[{"count":43,"href":"https:\/\/cornelia.siteware.ch\/cms\/wp-json\/wp\/v2\/pages\/153\/revisions"}],"predecessor-version":[{"id":155,"href":"https:\/\/cornelia.siteware.ch\/cms\/wp-json\/wp\/v2\/pages\/153\/revisions\/155"}],"up":[{"embeddable":true,"href":"https:\/\/cornelia.siteware.ch\/cms\/wp-json\/wp\/v2\/pages\/472"}],"wp:attachment":[{"href":"https:\/\/cornelia.siteware.ch\/cms\/wp-json\/wp\/v2\/media?parent=153"}],"curies":[{"name":"wp","href":"https:\/\/api.w.org\/{rel}","templated":true}]}}