{"id":1364,"date":"2012-04-13T13:21:46","date_gmt":"2012-04-13T12:21:46","guid":{"rendered":"http:\/\/cornelia.siteware.ch\/cms\/?page_id=1364"},"modified":"2012-04-13T15:11:25","modified_gmt":"2012-04-13T14:11:25","slug":"verben-und-ihre-erganzungen","status":"publish","type":"page","link":"https:\/\/cornelia.siteware.ch\/cms\/daf-daz-2\/grammatik\/verben\/verben-und-ihre-erganzungen","title":{"rendered":"Verben und ihre Erg\u00e4nzungen"},"content":{"rendered":"<p>Verben bestimmen die Form ihrer Erg\u00e4nzungen. Ein paar Beispiele:<\/p>\n<ul>\n<li>Rot = Erg\u00e4nzung im Nominativ (= Subjekt).<\/li>\n<li>gr\u00fcn = Erg\u00e4nzung im Akkusativ oder Erg\u00e4nzung mit Pr\u00e4position, die Akkusativ verlangt.<\/li>\n<li>blau = Erg\u00e4nzung im Dativ oder Erg\u00e4nzung mit Pr\u00e4position, die Dativ verlangt.<\/li>\n<\/ul>\n<p style=\"text-align: center;\"><a href=\"http:\/\/cornelia.siteware.ch\/cms\/wp-content\/uploads\/2012\/04\/Bild-245.png\"><img decoding=\"async\" loading=\"lazy\" class=\"aligncenter  wp-image-1367\" title=\"Verben und ihre Erg\u00e4nzungen\" src=\"http:\/\/cornelia.siteware.ch\/cms\/wp-content\/uploads\/2012\/04\/Bild-245.png\" alt=\"\" width=\"498\" height=\"290\" srcset=\"https:\/\/cornelia.siteware.ch\/cms\/wp-content\/uploads\/2012\/04\/Bild-245.png 712w, https:\/\/cornelia.siteware.ch\/cms\/wp-content\/uploads\/2012\/04\/Bild-245-300x174.png 300w\" sizes=\"(max-width: 498px) 100vw, 498px\" \/><\/a><\/p>\n<ul>\n<li>Erg\u00e4nzungen ohne Pr\u00e4position nennt man je nach Fall Akkusativobjekt oder Dativobjekt.<\/li>\n<li>Erg\u00e4nzungen mit Pr\u00e4position nennt man Pr\u00e4positonalobjekt.<\/li>\n<\/ul>\n<div id=\"shailan-subpages-1364-1\"><ul class=\"subpages\"><li class=\"page_item page-item-1372\"><a href=\"https:\/\/cornelia.siteware.ch\/cms\/daf-daz-2\/grammatik\/verben\/verben-und-ihre-erganzungen\/verben-mit-akkusativobjekt\"  rel=\"\">Verben mit Akkusativobjekt<\/a><\/li>\n<li class=\"page_item page-item-1780\"><a href=\"https:\/\/cornelia.siteware.ch\/cms\/daf-daz-2\/grammatik\/verben\/verben-und-ihre-erganzungen\/verben-mit-dativobjekt\"  rel=\"\">Verben mit Dativobjekt<\/a><\/li>\n<\/ul><\/div>\n","protected":false},"excerpt":{"rendered":"<p>Verben bestimmen die Form ihrer Erg\u00e4nzungen. Ein paar Beispiele: Rot = Erg\u00e4nzung im Nominativ (= Subjekt). gr\u00fcn = Erg\u00e4nzung im Akkusativ oder Erg\u00e4nzung mit Pr\u00e4position, die Akkusativ verlangt. blau = Erg\u00e4nzung im Dativ oder Erg\u00e4nzung mit Pr\u00e4position, die Dativ verlangt. Erg\u00e4nzungen ohne Pr\u00e4position nennt man je nach Fall Akkusativobjekt oder Dativobjekt. Erg\u00e4nzungen mit Pr\u00e4position nennt <a href='https:\/\/cornelia.siteware.ch\/cms\/daf-daz-2\/grammatik\/verben\/verben-und-ihre-erganzungen' class='excerpt-more'>[&#8230;]<\/a><\/p>\n","protected":false},"author":4,"featured_media":0,"parent":809,"menu_order":0,"comment_status":"closed","ping_status":"closed","template":"","meta":{"footnotes":"","_links_to":"","_links_to_target":""},"_links":{"self":[{"href":"https:\/\/cornelia.siteware.ch\/cms\/wp-json\/wp\/v2\/pages\/1364"}],"collection":[{"href":"https:\/\/cornelia.siteware.ch\/cms\/wp-json\/wp\/v2\/pages"}],"about":[{"href":"https:\/\/cornelia.siteware.ch\/cms\/wp-json\/wp\/v2\/types\/page"}],"author":[{"embeddable":true,"href":"https:\/\/cornelia.siteware.ch\/cms\/wp-json\/wp\/v2\/users\/4"}],"replies":[{"embeddable":true,"href":"https:\/\/cornelia.siteware.ch\/cms\/wp-json\/wp\/v2\/comments?post=1364"}],"version-history":[{"count":5,"href":"https:\/\/cornelia.siteware.ch\/cms\/wp-json\/wp\/v2\/pages\/1364\/revisions"}],"predecessor-version":[{"id":1366,"href":"https:\/\/cornelia.siteware.ch\/cms\/wp-json\/wp\/v2\/pages\/1364\/revisions\/1366"}],"up":[{"embeddable":true,"href":"https:\/\/cornelia.siteware.ch\/cms\/wp-json\/wp\/v2\/pages\/809"}],"wp:attachment":[{"href":"https:\/\/cornelia.siteware.ch\/cms\/wp-json\/wp\/v2\/media?parent=1364"}],"curies":[{"name":"wp","href":"https:\/\/api.w.org\/{rel}","templated":true}]}}